{"id":2,"date":"2023-09-08T11:38:30","date_gmt":"2023-09-08T09:38:30","guid":{"rendered":"http:\/\/philippeturbin.fr\/?page_id=2"},"modified":"2023-12-20T15:54:29","modified_gmt":"2023-12-20T14:54:29","slug":"page-d-exemple","status":"publish","type":"page","link":"https:\/\/philippeturbin.fr\/index.php\/page-d-exemple\/","title":{"rendered":"BIO"},"content":{"rendered":"<div class=\"wp-block-image\">\n<figure class=\"alignleft size-large is-resized\"><img loading=\"lazy\" decoding=\"async\" width=\"683\" height=\"1024\" src=\"https:\/\/philippeturbin.fr\/wp-content\/uploads\/2023\/09\/PhilippeTurbin06bdef-683x1024.jpg\" alt=\"\" class=\"wp-image-30\" style=\"width:343px;height:515px\" srcset=\"https:\/\/philippeturbin.fr\/wp-content\/uploads\/2023\/09\/PhilippeTurbin06bdef-683x1024.jpg 683w, https:\/\/philippeturbin.fr\/wp-content\/uploads\/2023\/09\/PhilippeTurbin06bdef-200x300.jpg 200w, https:\/\/philippeturbin.fr\/wp-content\/uploads\/2023\/09\/PhilippeTurbin06bdef-768x1151.jpg 768w, https:\/\/philippeturbin.fr\/wp-content\/uploads\/2023\/09\/PhilippeTurbin06bdef.jpg 1001w\" sizes=\"auto, (max-width: 683px) 100vw, 683px\" \/><\/figure>\n<\/div>\n\n\n<p> <\/p>\n\n\n\n<p><\/p>\n\n\n\n<p><p align=\"justify\">Pianiste \u00e9clectique, Philippe est au carrefour du jazz et de la musique traditionnelle et se nourrit d\u2019influences multiples. Par sa grande exp\u00e9rience de touche \u00e0 tout, il s\u2019est confront\u00e9 \u00e0 de multiples genres musicaux et trouve son \u00e9panouissement tant dans les musiques br\u00e9siliennes, africaines, jazz, vari\u00e9t\u00e9, musiques de film que dans la composition, l\u2019arrangement et l\u2019improvisation. Il est \u00e9galement reconnu pour ses talents de p\u00e9dagogue (15 ans d\u2019enseignement et 3 ans de coordination) et a donn\u00e9 de nombreux concerts de par le monde (Cambodge, Norv\u00e8ge, Portugal, Suisse, Belgique, Allemagne, Espagne, Guadeloupe, Quebec&#8230;).<\/p><\/p>\n\n\n\n<p><\/p>\n\n\n\n<p>Il a jou\u00e9 avec Daniel PABOEUF puis avec le groupe BANDIT&rsquo;S BAND qui a remport\u00e9 le 1er prix professionnel du festival de jazz de Vannes en 1998. Il a particip\u00e9 \u00e0 plusieurs projets en musique du monde (Africaine, Br\u00e9silienne&#8230;).<\/p>\n\n\n\n<p>Il a \u00e9galement compos\u00e9 des musiques de films de court m\u00e9trage et de films p\u00e9dagogiques pour l\u2019\u00e9ducation nationale et il a enregistr\u00e9 deux CD de chants pour enfants avec Bruno Coup\u00e9. Il a accompagn\u00e9 les spectacles de rue de la compagnie MARC&rsquo;HTIERN avec laquelle il s\u2019est produit dans toute la France mais aussi \u00e0 l\u2019\u00e9tranger.<\/p>\n\n\n\n<p>Des exp\u00e9riences en musique bretonne au sein de KANFARTED ROSTREN, CARRE MANCHOT, de STROBINELL avec qui il a enregistr\u00e9 deux CD, des Fr\u00e8res GUICHEN (formule GUICHEN 6) avec qui il a enregistr\u00e9 un CD.<\/p>\n\n\n\n<p>Il a aussi travaill\u00e9 avec PAT O\u2019MAY, Ronan PINC, Gwennyn, Herv\u00e9 Le LU, Marie Bontemps, Clarisse Lavanant, ADELE, Dominique Babilotte, Steve Normandin, Sonya Pin\u00e7on, Myriam Kerhardy, Erwan Volant Quartet, C\u00e9line Faucher &#8230;..<\/p>\n\n\n\n<figure class=\"wp-block-image size-large is-resized\"><img loading=\"lazy\" decoding=\"async\" width=\"724\" height=\"1024\" src=\"https:\/\/philippeturbin.fr\/wp-content\/uploads\/2023\/12\/Philippe-TURBIN-Biographie-02.1-724x1024.jpeg\" alt=\"\" class=\"wp-image-377\" style=\"width:924px;height:auto\" srcset=\"https:\/\/philippeturbin.fr\/wp-content\/uploads\/2023\/12\/Philippe-TURBIN-Biographie-02.1-724x1024.jpeg 724w, https:\/\/philippeturbin.fr\/wp-content\/uploads\/2023\/12\/Philippe-TURBIN-Biographie-02.1-212x300.jpeg 212w, https:\/\/philippeturbin.fr\/wp-content\/uploads\/2023\/12\/Philippe-TURBIN-Biographie-02.1-768x1086.jpeg 768w, https:\/\/philippeturbin.fr\/wp-content\/uploads\/2023\/12\/Philippe-TURBIN-Biographie-02.1-1086x1536.jpeg 1086w, https:\/\/philippeturbin.fr\/wp-content\/uploads\/2023\/12\/Philippe-TURBIN-Biographie-02.1-1140x1612.jpeg 1140w, https:\/\/philippeturbin.fr\/wp-content\/uploads\/2023\/12\/Philippe-TURBIN-Biographie-02.1.jpeg 1190w\" sizes=\"auto, (max-width: 724px) 100vw, 724px\" \/><\/figure>\n\n\n\n<figure class=\"wp-block-image size-large is-resized\"><img loading=\"lazy\" decoding=\"async\" width=\"724\" height=\"1024\" src=\"https:\/\/philippeturbin.fr\/wp-content\/uploads\/2023\/12\/Philippe-TURBIN-Biographie-02.2-724x1024.jpeg\" alt=\"\" class=\"wp-image-376\" style=\"width:839px;height:auto\" srcset=\"https:\/\/philippeturbin.fr\/wp-content\/uploads\/2023\/12\/Philippe-TURBIN-Biographie-02.2-724x1024.jpeg 724w, https:\/\/philippeturbin.fr\/wp-content\/uploads\/2023\/12\/Philippe-TURBIN-Biographie-02.2-212x300.jpeg 212w, https:\/\/philippeturbin.fr\/wp-content\/uploads\/2023\/12\/Philippe-TURBIN-Biographie-02.2-768x1086.jpeg 768w, https:\/\/philippeturbin.fr\/wp-content\/uploads\/2023\/12\/Philippe-TURBIN-Biographie-02.2-1086x1536.jpeg 1086w, https:\/\/philippeturbin.fr\/wp-content\/uploads\/2023\/12\/Philippe-TURBIN-Biographie-02.2-1140x1612.jpeg 1140w, https:\/\/philippeturbin.fr\/wp-content\/uploads\/2023\/12\/Philippe-TURBIN-Biographie-02.2.jpeg 1190w\" sizes=\"auto, (max-width: 724px) 100vw, 724px\" \/><\/figure>\n\n\n\n<figure class=\"wp-block-image size-large is-resized\"><img loading=\"lazy\" decoding=\"async\" width=\"724\" height=\"1024\" src=\"https:\/\/philippeturbin.fr\/wp-content\/uploads\/2023\/12\/Philippe-TURBIN-Biographie-02.3-724x1024.jpeg\" alt=\"\" class=\"wp-image-375\" style=\"width:915px;height:auto\" srcset=\"https:\/\/philippeturbin.fr\/wp-content\/uploads\/2023\/12\/Philippe-TURBIN-Biographie-02.3-724x1024.jpeg 724w, https:\/\/philippeturbin.fr\/wp-content\/uploads\/2023\/12\/Philippe-TURBIN-Biographie-02.3-212x300.jpeg 212w, https:\/\/philippeturbin.fr\/wp-content\/uploads\/2023\/12\/Philippe-TURBIN-Biographie-02.3-768x1086.jpeg 768w, https:\/\/philippeturbin.fr\/wp-content\/uploads\/2023\/12\/Philippe-TURBIN-Biographie-02.3-1086x1536.jpeg 1086w, https:\/\/philippeturbin.fr\/wp-content\/uploads\/2023\/12\/Philippe-TURBIN-Biographie-02.3-1140x1612.jpeg 1140w, https:\/\/philippeturbin.fr\/wp-content\/uploads\/2023\/12\/Philippe-TURBIN-Biographie-02.3.jpeg 1190w\" sizes=\"auto, (max-width: 724px) 100vw, 724px\" \/><\/figure>\n","protected":false},"excerpt":{"rendered":"<p>Pianiste \u00e9clectique, Philippe est au carrefour du jazz et de la musique traditionnelle et se nourrit d\u2019influences multiples. Par sa grande exp\u00e9rience de touche \u00e0 tout, il s\u2019est confront\u00e9 \u00e0 de multiples genres musicaux et trouve son \u00e9panouissement tant dans les musiques br\u00e9siliennes, africaines, jazz, vari\u00e9t\u00e9, musiques de film que dans la composition, l\u2019arrangement et l\u2019improvisation. Il est \u00e9galement reconnu pour ses talents de p\u00e9dagogue (15 ans d\u2019enseignement et 3 ans de coordination) et a donn\u00e9 de nombreux concerts de par le monde (Cambodge, Norv\u00e8ge, Portugal, Suisse, Belgique, Allemagne, Espagne, Guadeloupe, Quebec&#8230;). Il a jou\u00e9 avec Daniel PABOEUF puis avec le groupe BANDIT&rsquo;S BAND qui a remport\u00e9 le 1er prix professionnel du festival de jazz de Vannes en 1998. Il a particip\u00e9 \u00e0 plusieurs projets en musique du monde (Africaine, Br\u00e9silienne&#8230;). Il a \u00e9galement compos\u00e9 des musiques de films de court m\u00e9trage et de films p\u00e9dagogiques pour l\u2019\u00e9ducation nationale et il a enregistr\u00e9 deux CD de chants pour enfants avec Bruno Coup\u00e9. Il a accompagn\u00e9 les spectacles de rue de la compagnie MARC&rsquo;HTIERN avec laquelle il s\u2019est produit dans toute la France mais aussi \u00e0 l\u2019\u00e9tranger. Des exp\u00e9riences en musique bretonne au sein de KANFARTED ROSTREN, CARRE MANCHOT, de STROBINELL avec qui il a enregistr\u00e9 deux CD, des Fr\u00e8res GUICHEN (formule GUICHEN 6) avec qui il a enregistr\u00e9 un CD. Il a aussi travaill\u00e9 avec PAT O\u2019MAY, Ronan PINC, Gwennyn, Herv\u00e9 Le LU, Marie Bontemps, Clarisse Lavanant, ADELE, Dominique Babilotte, Steve Normandin, Sonya Pin\u00e7on, Myriam Kerhardy, Erwan Volant Quartet, C\u00e9line Faucher &#8230;..<\/p>\n","protected":false},"author":1,"featured_media":0,"parent":0,"menu_order":0,"comment_status":"closed","ping_status":"open","template":"","meta":{"footnotes":""},"class_list":["post-2","page","type-page","status-publish","hentry"],"yoast_head":"<!-- This site is optimized with the Yoast SEO plugin v21.4 - https:\/\/yoast.com\/wordpress\/plugins\/seo\/ -->\n<title>BIO - Philippe Turbin<\/title>\n<meta name=\"robots\" content=\"index, follow, max-snippet:-1, max-image-preview:large, max-video-preview:-1\" \/>\n<link rel=\"canonical\" href=\"https:\/\/philippeturbin.fr\/index.php\/page-d-exemple\/\" \/>\n<meta property=\"og:locale\" content=\"fr_FR\" \/>\n<meta property=\"og:type\" content=\"article\" \/>\n<meta property=\"og:title\" content=\"BIO - Philippe Turbin\" \/>\n<meta property=\"og:description\" content=\"Pianiste \u00e9clectique, Philippe est au carrefour du jazz et de la musique traditionnelle et se nourrit d\u2019influences multiples. Par sa grande exp\u00e9rience de touche \u00e0 tout, il s\u2019est confront\u00e9 \u00e0 de multiples genres musicaux et trouve son \u00e9panouissement tant dans les musiques br\u00e9siliennes, africaines, jazz, vari\u00e9t\u00e9, musiques de film que dans la composition, l\u2019arrangement et l\u2019improvisation. Il est \u00e9galement reconnu pour ses talents de p\u00e9dagogue (15 ans d\u2019enseignement et 3 ans de coordination) et a donn\u00e9 de nombreux concerts de par le monde (Cambodge, Norv\u00e8ge, Portugal, Suisse, Belgique, Allemagne, Espagne, Guadeloupe, Quebec&#8230;). Il a jou\u00e9 avec Daniel PABOEUF puis avec le groupe BANDIT&rsquo;S BAND qui a remport\u00e9 le 1er prix professionnel du festival de jazz de Vannes en 1998. Il a particip\u00e9 \u00e0 plusieurs projets en musique du monde (Africaine, Br\u00e9silienne&#8230;). Il a \u00e9galement compos\u00e9 des musiques de films de court m\u00e9trage et de films p\u00e9dagogiques pour l\u2019\u00e9ducation nationale et il a enregistr\u00e9 deux CD de chants pour enfants avec Bruno Coup\u00e9. Il a accompagn\u00e9 les spectacles de rue de la compagnie MARC&rsquo;HTIERN avec laquelle il s\u2019est produit dans toute la France mais aussi \u00e0 l\u2019\u00e9tranger. Des exp\u00e9riences en musique bretonne au sein de KANFARTED ROSTREN, CARRE MANCHOT, de STROBINELL avec qui il a enregistr\u00e9 deux CD, des Fr\u00e8res GUICHEN (formule GUICHEN 6) avec qui il a enregistr\u00e9 un CD. Il a aussi travaill\u00e9 avec PAT O\u2019MAY, Ronan PINC, Gwennyn, Herv\u00e9 Le LU, Marie Bontemps, Clarisse Lavanant, ADELE, Dominique Babilotte, Steve Normandin, Sonya Pin\u00e7on, Myriam Kerhardy, Erwan Volant Quartet, C\u00e9line Faucher &#8230;..\" \/>\n<meta property=\"og:url\" content=\"https:\/\/philippeturbin.fr\/index.php\/page-d-exemple\/\" \/>\n<meta property=\"og:site_name\" content=\"Philippe Turbin\" \/>\n<meta property=\"article:publisher\" content=\"https:\/\/www.facebook.com\/philippe.turbin.9\" \/>\n<meta property=\"article:modified_time\" content=\"2023-12-20T14:54:29+00:00\" \/>\n<meta property=\"og:image\" content=\"https:\/\/philippeturbin.fr\/wp-content\/uploads\/2023\/09\/PhilippeTurbin06bdef-683x1024.jpg\" \/>\n<meta name=\"twitter:card\" content=\"summary_large_image\" \/>\n<meta name=\"twitter:label1\" content=\"Dur\u00e9e de lecture estim\u00e9e\" \/>\n\t<meta name=\"twitter:data1\" content=\"3 minutes\" \/>\n<script type=\"application\/ld+json\" class=\"yoast-schema-graph\">{\"@context\":\"https:\/\/schema.org\",\"@graph\":[{\"@type\":\"WebPage\",\"@id\":\"https:\/\/philippeturbin.fr\/index.php\/page-d-exemple\/\",\"url\":\"https:\/\/philippeturbin.fr\/index.php\/page-d-exemple\/\",\"name\":\"BIO - Philippe Turbin\",\"isPartOf\":{\"@id\":\"https:\/\/philippeturbin.fr\/#website\"},\"datePublished\":\"2023-09-08T09:38:30+00:00\",\"dateModified\":\"2023-12-20T14:54:29+00:00\",\"breadcrumb\":{\"@id\":\"https:\/\/philippeturbin.fr\/index.php\/page-d-exemple\/#breadcrumb\"},\"inLanguage\":\"fr-FR\",\"potentialAction\":[{\"@type\":\"ReadAction\",\"target\":[\"https:\/\/philippeturbin.fr\/index.php\/page-d-exemple\/\"]}]},{\"@type\":\"BreadcrumbList\",\"@id\":\"https:\/\/philippeturbin.fr\/index.php\/page-d-exemple\/#breadcrumb\",\"itemListElement\":[{\"@type\":\"ListItem\",\"position\":1,\"name\":\"Accueil\",\"item\":\"https:\/\/philippeturbin.fr\/\"},{\"@type\":\"ListItem\",\"position\":2,\"name\":\"BIO\"}]},{\"@type\":\"WebSite\",\"@id\":\"https:\/\/philippeturbin.fr\/#website\",\"url\":\"https:\/\/philippeturbin.fr\/\",\"name\":\"Philippe Turbin\",\"description\":\"\",\"publisher\":{\"@id\":\"https:\/\/philippeturbin.fr\/#organization\"},\"alternateName\":\"Philippe Turbin, pianiste\",\"potentialAction\":[{\"@type\":\"SearchAction\",\"target\":{\"@type\":\"EntryPoint\",\"urlTemplate\":\"https:\/\/philippeturbin.fr\/?s={search_term_string}\"},\"query-input\":\"required name=search_term_string\"}],\"inLanguage\":\"fr-FR\"},{\"@type\":\"Organization\",\"@id\":\"https:\/\/philippeturbin.fr\/#organization\",\"name\":\"Philippe Turbin\",\"url\":\"https:\/\/philippeturbin.fr\/\",\"logo\":{\"@type\":\"ImageObject\",\"inLanguage\":\"fr-FR\",\"@id\":\"https:\/\/philippeturbin.fr\/#\/schema\/logo\/image\/\",\"url\":\"https:\/\/philippeturbin.fr\/wp-content\/uploads\/2023\/09\/cropped-PhilippeTurbin06bdef.jpg\",\"contentUrl\":\"https:\/\/philippeturbin.fr\/wp-content\/uploads\/2023\/09\/cropped-PhilippeTurbin06bdef.jpg\",\"width\":1600,\"height\":230,\"caption\":\"Philippe Turbin\"},\"image\":{\"@id\":\"https:\/\/philippeturbin.fr\/#\/schema\/logo\/image\/\"},\"sameAs\":[\"https:\/\/www.facebook.com\/philippe.turbin.9\"]}]}<\/script>\n<!-- \/ Yoast SEO plugin. -->","yoast_head_json":{"title":"BIO - Philippe Turbin","robots":{"index":"index","follow":"follow","max-snippet":"max-snippet:-1","max-image-preview":"max-image-preview:large","max-video-preview":"max-video-preview:-1"},"canonical":"https:\/\/philippeturbin.fr\/index.php\/page-d-exemple\/","og_locale":"fr_FR","og_type":"article","og_title":"BIO - Philippe Turbin","og_description":"Pianiste \u00e9clectique, Philippe est au carrefour du jazz et de la musique traditionnelle et se nourrit d\u2019influences multiples. Par sa grande exp\u00e9rience de touche \u00e0 tout, il s\u2019est confront\u00e9 \u00e0 de multiples genres musicaux et trouve son \u00e9panouissement tant dans les musiques br\u00e9siliennes, africaines, jazz, vari\u00e9t\u00e9, musiques de film que dans la composition, l\u2019arrangement et l\u2019improvisation. Il est \u00e9galement reconnu pour ses talents de p\u00e9dagogue (15 ans d\u2019enseignement et 3 ans de coordination) et a donn\u00e9 de nombreux concerts de par le monde (Cambodge, Norv\u00e8ge, Portugal, Suisse, Belgique, Allemagne, Espagne, Guadeloupe, Quebec&#8230;). Il a jou\u00e9 avec Daniel PABOEUF puis avec le groupe BANDIT&rsquo;S BAND qui a remport\u00e9 le 1er prix professionnel du festival de jazz de Vannes en 1998. Il a particip\u00e9 \u00e0 plusieurs projets en musique du monde (Africaine, Br\u00e9silienne&#8230;). Il a \u00e9galement compos\u00e9 des musiques de films de court m\u00e9trage et de films p\u00e9dagogiques pour l\u2019\u00e9ducation nationale et il a enregistr\u00e9 deux CD de chants pour enfants avec Bruno Coup\u00e9. Il a accompagn\u00e9 les spectacles de rue de la compagnie MARC&rsquo;HTIERN avec laquelle il s\u2019est produit dans toute la France mais aussi \u00e0 l\u2019\u00e9tranger. Des exp\u00e9riences en musique bretonne au sein de KANFARTED ROSTREN, CARRE MANCHOT, de STROBINELL avec qui il a enregistr\u00e9 deux CD, des Fr\u00e8res GUICHEN (formule GUICHEN 6) avec qui il a enregistr\u00e9 un CD. Il a aussi travaill\u00e9 avec PAT O\u2019MAY, Ronan PINC, Gwennyn, Herv\u00e9 Le LU, Marie Bontemps, Clarisse Lavanant, ADELE, Dominique Babilotte, Steve Normandin, Sonya Pin\u00e7on, Myriam Kerhardy, Erwan Volant Quartet, C\u00e9line Faucher &#8230;..","og_url":"https:\/\/philippeturbin.fr\/index.php\/page-d-exemple\/","og_site_name":"Philippe Turbin","article_publisher":"https:\/\/www.facebook.com\/philippe.turbin.9","article_modified_time":"2023-12-20T14:54:29+00:00","og_image":[{"url":"https:\/\/philippeturbin.fr\/wp-content\/uploads\/2023\/09\/PhilippeTurbin06bdef-683x1024.jpg"}],"twitter_card":"summary_large_image","twitter_misc":{"Dur\u00e9e de lecture estim\u00e9e":"3 minutes"},"schema":{"@context":"https:\/\/schema.org","@graph":[{"@type":"WebPage","@id":"https:\/\/philippeturbin.fr\/index.php\/page-d-exemple\/","url":"https:\/\/philippeturbin.fr\/index.php\/page-d-exemple\/","name":"BIO - Philippe Turbin","isPartOf":{"@id":"https:\/\/philippeturbin.fr\/#website"},"datePublished":"2023-09-08T09:38:30+00:00","dateModified":"2023-12-20T14:54:29+00:00","breadcrumb":{"@id":"https:\/\/philippeturbin.fr\/index.php\/page-d-exemple\/#breadcrumb"},"inLanguage":"fr-FR","potentialAction":[{"@type":"ReadAction","target":["https:\/\/philippeturbin.fr\/index.php\/page-d-exemple\/"]}]},{"@type":"BreadcrumbList","@id":"https:\/\/philippeturbin.fr\/index.php\/page-d-exemple\/#breadcrumb","itemListElement":[{"@type":"ListItem","position":1,"name":"Accueil","item":"https:\/\/philippeturbin.fr\/"},{"@type":"ListItem","position":2,"name":"BIO"}]},{"@type":"WebSite","@id":"https:\/\/philippeturbin.fr\/#website","url":"https:\/\/philippeturbin.fr\/","name":"Philippe Turbin","description":"","publisher":{"@id":"https:\/\/philippeturbin.fr\/#organization"},"alternateName":"Philippe Turbin, pianiste","potentialAction":[{"@type":"SearchAction","target":{"@type":"EntryPoint","urlTemplate":"https:\/\/philippeturbin.fr\/?s={search_term_string}"},"query-input":"required name=search_term_string"}],"inLanguage":"fr-FR"},{"@type":"Organization","@id":"https:\/\/philippeturbin.fr\/#organization","name":"Philippe Turbin","url":"https:\/\/philippeturbin.fr\/","logo":{"@type":"ImageObject","inLanguage":"fr-FR","@id":"https:\/\/philippeturbin.fr\/#\/schema\/logo\/image\/","url":"https:\/\/philippeturbin.fr\/wp-content\/uploads\/2023\/09\/cropped-PhilippeTurbin06bdef.jpg","contentUrl":"https:\/\/philippeturbin.fr\/wp-content\/uploads\/2023\/09\/cropped-PhilippeTurbin06bdef.jpg","width":1600,"height":230,"caption":"Philippe Turbin"},"image":{"@id":"https:\/\/philippeturbin.fr\/#\/schema\/logo\/image\/"},"sameAs":["https:\/\/www.facebook.com\/philippe.turbin.9"]}]}},"_links":{"self":[{"href":"https:\/\/philippeturbin.fr\/index.php\/wp-json\/wp\/v2\/pages\/2","targetHints":{"allow":["GET"]}}],"collection":[{"href":"https:\/\/philippeturbin.fr\/index.php\/wp-json\/wp\/v2\/pages"}],"about":[{"href":"https:\/\/philippeturbin.fr\/index.php\/wp-json\/wp\/v2\/types\/page"}],"author":[{"embeddable":true,"href":"https:\/\/philippeturbin.fr\/index.php\/wp-json\/wp\/v2\/users\/1"}],"replies":[{"embeddable":true,"href":"https:\/\/philippeturbin.fr\/index.php\/wp-json\/wp\/v2\/comments?post=2"}],"version-history":[{"count":21,"href":"https:\/\/philippeturbin.fr\/index.php\/wp-json\/wp\/v2\/pages\/2\/revisions"}],"predecessor-version":[{"id":394,"href":"https:\/\/philippeturbin.fr\/index.php\/wp-json\/wp\/v2\/pages\/2\/revisions\/394"}],"wp:attachment":[{"href":"https:\/\/philippeturbin.fr\/index.php\/wp-json\/wp\/v2\/media?parent=2"}],"curies":[{"name":"wp","href":"https:\/\/api.w.org\/{rel}","templated":true}]}}